{"id":156186,"date":"2019-08-07T17:28:51","date_gmt":"2019-08-07T15:28:51","guid":{"rendered":"https:\/\/plumvillage.org\/retreats\/visiting-us\/practicalities\/"},"modified":"2022-07-19T19:29:14","modified_gmt":"2022-07-19T17:29:14","slug":"practicalities","status":"publish","type":"page","link":"https:\/\/dev.plumvillage.org\/es\/visiting-us\/practicalities","title":{"rendered":"Aspectos Pr\u00e1cticos"},"content":{"rendered":"\n<div class=\"jump-to align\" id=\"llegada-y-salida\">\n\t<hr>\n\t<span class=\"jump-to-text\"><span class=\"label\">Ir a <span class=\"icon icon-arrow-tiny\"><\/span><\/span>\n\t<a class=\"active\" href=\"#llegada-y-salida\">Llegada y salida<\/a>, <a  href=\"#transporte\">Transporte<\/a>, <a  href=\"#contribucion-y-reembolsos\">Contribuci\u00f3n y reembolsos<\/a>, <a  href=\"#que-traer\">Qu\u00e9 traer <\/a>, <a  href=\"#como-vestir\">C\u00f3mo vestir <\/a>, <a  href=\"#comidas\">Comidas<\/a>, <a  href=\"#internet-y-telefono\">Internet y tel\u00e9fono<\/a>, <a  href=\"#duracion-de-la-estancia\">Duraci\u00f3n de la estancia<\/a>, <a  href=\"#dia-de-pereza\">D\u00eda de Pereza<\/a>, <a  href=\"#ensenanzas-y-entrevistas\">Ense\u00f1anzas y entrevistas<\/a><\/span>\n<\/div>\n\n\n<h2 class=\"wp-block-heading\"><em>Llegada y salida<\/em> <\/h2>\n\n\n\n<p>Nuestro d\u00eda de llegada y de salida suele ser el viernes, salvo retiros especiales en los que se indique lo contrario. Por favor, organiza tu viaje para que puedas llegar a Plum Village el d\u00eda de llegada.<\/p>\n\n\n\n<figure class=\"wp-block-image alignright\"><img loading=\"lazy\" decoding=\"async\" width=\"683\" height=\"1024\" src=\"https:\/\/dev.plumvillage.org\/wp-content\/uploads\/2019\/08\/MMoseleyWakeUp-170-683x1024.jpg\" alt=\"\" class=\"wp-image-139428\" srcset=\"https:\/\/dev.plumvillage.org\/wp-content\/uploads\/2019\/08\/MMoseleyWakeUp-170-683x1024.jpg 683w, https:\/\/dev.plumvillage.org\/wp-content\/uploads\/2019\/08\/MMoseleyWakeUp-170-499x749.jpg 499w, https:\/\/dev.plumvillage.org\/wp-content\/uploads\/2019\/08\/MMoseleyWakeUp-170-768x1152.jpg 768w, https:\/\/dev.plumvillage.org\/wp-content\/uploads\/2019\/08\/MMoseleyWakeUp-170.jpg 816w\" sizes=\"auto, (max-width: 683px) 100vw, 683px\" \/><\/figure>\n\n\n\n<p><strong>Hora de llegada<br><\/strong>Prepara tu viaje de tal manera que puedas <strong>llegar a tu \u00abhamlet\u00bb a las 6 p.m<\/strong>. Ten en cuenta que, debido al horario de nuestro monasterio, <strong>no podemos recibir a nuestros visitantes despu\u00e9s de las 9:00 p.m.\/9:30 p.m<\/strong>. Esto te dar\u00e1 tiempo para registrarte, instalarte y cenar (generalmente cenamos alrededor de las 6:00 p.m.) antes de tu primera sesi\u00f3n de la tarde a las 8:00 p.m. (generalmente una meditaci\u00f3n sentada).<\/p>\n\n\n\n<p>Cada hamlet proporcionar\u00e1 informaci\u00f3n sobre c\u00f3mo organizar\u00e1n el transporte desde la estaci\u00f3n de Sainte Foy La Grande (la estaci\u00f3n de tren m\u00e1s cercana).<\/p>\n\n\n\n<p>Para apoyar la energ\u00eda colectiva y la estabilidad de nuestros retiros, <strong>por favor no llegues un d\u00eda que no sea el d\u00eda de llegada especificado<\/strong>.<\/p>\n\n\n\n<p><strong><strong>Orientaci\u00f3n<\/strong><br><\/strong>Ofrecemos una Sesi\u00f3n de Orientaci\u00f3n sobre la pr\u00e1ctica de Plum Village y la semana siguiente para los nuevos participantes en el retiro, ya sea el d\u00eda de llegada por la noche (a las 7:30 p.m.) o la ma\u00f1ana siguiente. La orientaci\u00f3n brinda informaci\u00f3n esencial sobre nuestra pr\u00e1ctica y te ayudar\u00e1 a disfrutar tu estancia. Recomendamos a todos nuestros amigos reci\u00e9n llegados que no se la pierdan.<\/p>\n\n\n\n<p><strong><strong>Salida<\/strong><br><\/strong>Durante la primavera, el oto\u00f1o y el invierno, <strong>programa tu hora de salida entre las 9:00 a.m. y las 12:00 p.m.<\/strong> del d\u00eda de salida, para que tengas tiempo de preparar tu equipaje tranquilamente y despedirte.<\/p>\n\n\n\n<p><strong>Ten en cuenta:<\/strong><\/p>\n\n\n\n<ul class=\"wp-block-list\"><li>Durante los <strong>retiros de verano<\/strong>, en las ma\u00f1anas del D\u00eda de Salida, puede haber presentaciones de mon\u00e1sticos en la aldea donde te hospedas, que terminan alrededor de las 11 a.m. Ofrecemos transporte a la estaci\u00f3n de tren de Sainte Foy durante todo el d\u00eda los d\u00edas de salida, a partir de las 7:00a.m. aproximadamente.<\/li><li>Durante retiros cortos especiales (p. ej. italiano, franc\u00f3fono, educadores, retiro de negocios), puede haber una Charla de Dharma en la ma\u00f1ana del d\u00eda de salida, que termina al mediod\u00eda. Para tales retiros, te recomendamos que <strong>organices tu salida para despu\u00e9s del almuerzo<\/strong>.<\/li><\/ul>\n\n\n\n<div class=\"jump-to alignwide\" id=\"transporte\">\n\t<hr>\n\t<span class=\"jump-to-text\"><span class=\"label\">Ir a <span class=\"icon icon-arrow-tiny\"><\/span><\/span>\n\t<a  href=\"#llegada-y-salida\">Llegada y salida<\/a>, <a class=\"active\" href=\"#transporte\">Transporte<\/a>, <a  href=\"#contribucion-y-reembolsos\">Contribuci\u00f3n y reembolsos<\/a>, <a  href=\"#que-traer\">Qu\u00e9 traer <\/a>, <a  href=\"#como-vestir\">C\u00f3mo vestir <\/a>, <a  href=\"#comidas\">Comidas<\/a>, <a  href=\"#internet-y-telefono\">Internet y tel\u00e9fono<\/a>, <a  href=\"#duracion-de-la-estancia\">Duraci\u00f3n de la estancia<\/a>, <a  href=\"#dia-de-pereza\">D\u00eda de Pereza<\/a>, <a  href=\"#ensenanzas-y-entrevistas\">Ense\u00f1anzas y entrevistas<\/a><\/span>\n<\/div>\n\n\n<h2 class=\"wp-block-heading\">Transporte<\/h2>\n\n\n\n<figure class=\"wp-block-image alignright\"><img loading=\"lazy\" decoding=\"async\" width=\"1024\" height=\"577\" src=\"https:\/\/dev.plumvillage.org\/wp-content\/uploads\/2019\/08\/DSC08736-1024x577.jpg\" alt=\"\" class=\"wp-image-139417\" srcset=\"https:\/\/dev.plumvillage.org\/wp-content\/uploads\/2019\/08\/DSC08736-1024x577.jpg 1024w, https:\/\/dev.plumvillage.org\/wp-content\/uploads\/2019\/08\/DSC08736-499x281.jpg 499w, https:\/\/dev.plumvillage.org\/wp-content\/uploads\/2019\/08\/DSC08736-768x433.jpg 768w, https:\/\/dev.plumvillage.org\/wp-content\/uploads\/2019\/08\/DSC08736.jpg 1920w\" sizes=\"auto, (max-width: 1024px) 100vw, 1024px\" \/><\/figure>\n\n\n\n<p>Plum Village se encuentra a unos 85 km al este de Burdeos. Hay diferentes formas de llegar hasta nosotros:<\/p>\n\n\n\n<ul class=\"wp-block-list\"><li><a href=\"#tren\">Tren<\/a><\/li><li><a href=\"#carpooling\">Coche <\/a><a href=\"#coche compartido\">compartido<\/a><\/li><li><a href=\"#Avi\u00f3n\">Avi\u00f3n<\/a><\/li><\/ul>\n\n\n\n<p>Nuestros peque\u00f1os equipos de hermanos, hermanas y amigos en la oficina est\u00e1n haciendo todo lo posible para cuidar a los participantes de los retiros actuales y futuros. Por favor, ten la amabilidad de hacer todos los preparativos de tu viaje y ten una copia de los documentos necesarios antes de venir.<\/p>\n\n\n\n<h3 class=\"wp-block-heading\" id=\"train\">Tren<\/h3>\n\n\n\n<p>Burdeos est\u00e1 a 2 horas de Par\u00eds por TAV (tren de alta velocidad). La mayor\u00eda de nuestros amigos hacen transbordo en Bordeaux St-Jean o Libourne para tomar el peque\u00f1o tren hasta la estaci\u00f3n de Sainte Foy La Grande.<\/p>\n\n\n\n<p>Sainte Foy La Grande se encuentra a 25 minutos en coche de Plum Village.<\/p>\n\n\n\n<p>Upper Hamlet y New Hamlet recogen y dejan amigos en Sainte Foy La Grande en nuestros d\u00edas de llegada y salida (generalmente los viernes); generalmente entre las 7 a.m. y las 7 p.m. Los horarios detallados de cada aldea se te enviar\u00e1n despu\u00e9s de hacer la reserva. El transporte entre Lower Hamlet y Ste Foy La Grande el d\u00eda de llegada\/salida est\u00e1 a cargo del servicio de taxi: <a href=\"http:\/\/www.vtc-aquitaine.com\/plum-village.php\">http:\/\/www.vtc-aquitaine.com\/plum-village.php<\/a><\/p>\n\n\n\n<p>Para comprar tu billete de tren, puedes visitar:<\/p>\n\n\n\n<ul class=\"wp-block-list\"><li><a rel=\"noreferrer noopener\" aria-label=\" (opens in a new tab)\" href=\"https:\/\/www.thetrainline.com\/\" target=\"_blank\">Trainline<\/a><\/li><li><a rel=\"noopener noreferrer\" href=\"https:\/\/www.raileurope.com\/\" target=\"_blank\">Rail Europe<\/a><\/li><li><a href=\"https:\/\/en.oui.sncf\/en\/\">OUI.sncf<\/a><\/li><li><a rel=\"noreferrer noopener\" aria-label=\" (opens in a new tab)\" href=\"https:\/\/www.sncf.com\/en\" target=\"_blank\">SNCF<\/a><\/li><li><a href=\"https:\/\/en.oui.sncf\/en\/ouigo\">Ouigo<\/a><\/li><\/ul>\n\n\n\n<p>Si llegas fuera de nuestro horario de recogida, puedes tomar un taxi hasta Plum Village. Desde Sainte Foy La Grande a cualquiera de nuestras aldeas, el taxi cuesta entre 40\u20ac \u2013 60\u20ac.<\/p>\n\n\n\n<p>Si viajas llegando al aeropuerto de Bergerac, puedes tomar un taxi hasta la estaci\u00f3n de tren de Bergerac y viajar a Sainte Foy La Grande, o puedes tomar un taxi directamente a Plum Village (cuesta alrededor de 40 \u20ac &#8211; 70 \u20ac).<\/p>\n\n\n\n<p><a href=\"https:\/\/www.vtc-aquitaine.com\/plum-village.php\">VTC Jardini<\/a>: +33 (0) 7.77.90.21.47<br>Taxi Richard: +33 (0) 6.21.63.23.56<br>Taxi David: +33 (0) 6.84.91.00.80<br>Mr. Gachet: +33 (0) 5.53.83.07.87<br>Mr. Dumora: +33 (0) 6.30.03.00.49<br>Bergerac Taxis: +33 (0) 5.53.23.32.32<\/p>\n\n\n\n<h3 class=\"wp-block-heading\" id=\"carpooling\">Coche compartido <\/h3>\n\n\n\n<p>Para ayudar a la Madre Tierra y reducir el CO2, quiz\u00e1s te gustar\u00eda participar en viajes compartidos. Tenemos un sitio para viajes compartidos a Plum Village: <strong><a rel=\"noopener noreferrer\" href=\"http:\/\/carsharing.plumvillage.org\/en\" target=\"_blank\">Plum Carsharing<\/a><\/strong><br>Tambi\u00e9n puedes consultar los sitios web p\u00fablicos internacionales de uso compartido de veh\u00edculos: <strong><a rel=\"noopener noreferrer\" href=\"http:\/\/blablacar.com\" target=\"_blank\">BlaBlaCar<\/a><\/strong> o <strong><a rel=\"noopener noreferrer\" href=\"http:\/\/carpooling.com\" target=\"_blank\">Carpooling<\/a><\/strong> (para encontrar viajes compartidos que no figuran en los limitados viajes de Plum Carsharing).<\/p>\n\n\n\n<h4 class=\"wp-block-heading\">Upper Hamlet<\/h4>\n\n\n\n<ul class=\"wp-block-list\"><li><a title=\"Paris to Upper Hamlet\" rel=\"noopener noreferrer\" href=\"https:\/\/maps.google.com\/maps?saddr=paris&amp;daddr=le+pey+thenac,+France&amp;hl=en&amp;ll=46.875213,1.856689&amp;spn=8.404286,14.897461&amp;sll=45.700425,-0.082397&amp;sspn=2.14648,3.724365&amp;geocode=FSZ-6QIdXuQjACkPt-IGH27mRzFglIxow4ILBA%3BFSW-qgIdMj0FACn7cH5cBMGqEjEoCVwiat1llw&amp;mra=ls&amp;t=m&amp;z=7\" target=\"_blank\">Paris a Upper Hamlet<\/a><\/li><li><a title=\"Bordeaux to Upper Hamlet\" rel=\"noopener noreferrer\" href=\"https:\/\/maps.google.com\/maps?saddr=Bordeaux,+France&amp;daddr=le+pey+thenac,+France&amp;hl=en&amp;ll=44.685254,0.072784&amp;spn=1.092563,1.862183&amp;sll=46.875213,1.856689&amp;sspn=8.404286,14.897461&amp;geocode=FZ0rrAIdlCn3_ymBylH36CdVDTGJejl7A4ZjeQ%3BFSW-qgIdMj0FACn7cH5cBMGqEjEoCVwiat1llw&amp;oq=bordeaux&amp;mra=ls&amp;t=m&amp;z=10\" target=\"_blank\">Bordeaux a Upper Hamlet<\/a><\/li><li><a title=\"Ste. Foy La Grande to Upper Hamlet\" rel=\"noopener noreferrer\" href=\"https:\/\/maps.google.com\/maps?saddr=Sainte-Foy-la-Grande,+France&amp;daddr=le+pey+thenac,+France&amp;hl=en&amp;ll=44.789267,0.27895&amp;spn=0.136326,0.232773&amp;sll=44.685254,0.072784&amp;sspn=1.092563,1.862183&amp;geocode=FU07rAId3kcDACljBM0o7rmqEjGouJQIhLj2YA%3BFSW-qgIdMj0FACn7cH5cBMGqEjEoCVwiat1llw&amp;oq=ste+foy&amp;mra=ls&amp;t=m&amp;z=13\" target=\"_blank\">Ste. Foy La Grande a Upper Hamlet<\/a><\/li><\/ul>\n\n\n\n<h4 class=\"wp-block-heading\">Lower Hamlet<\/h4>\n\n\n\n<ul class=\"wp-block-list\"><li><a title=\"Paris to Lower Hamlet\" rel=\"noopener noreferrer\" href=\"https:\/\/maps.google.com\/maps?saddr=Paris,+France&amp;daddr=meyrac+loubes-bernac,+france&amp;hl=en&amp;ll=46.21025,3.273926&amp;spn=8.507488,14.897461&amp;sll=44.789267,0.27895&amp;sspn=0.136326,0.232773&amp;geocode=FSZ-6QIdXuQjACkPt-IGH27mRzFglIxow4ILBA%3BFXyVqgIdmt4EAClPjSERXsCqEjGrqTOOL456rw&amp;mra=ls&amp;t=m&amp;z=7\" target=\"_blank\">Paris a Lower Hamlet<\/a><\/li><li><a title=\"Bordeaux to Lower Hamlet\" rel=\"noopener noreferrer\" href=\"https:\/\/maps.google.com\/maps?saddr=Bordeaux,+France&amp;daddr=meyrac+loubes-bernac,+france&amp;hl=en&amp;ll=44.758436,-0.12291&amp;spn=0.545593,0.931091&amp;sll=46.21025,3.273926&amp;sspn=8.507488,14.897461&amp;geocode=FZ0rrAIdlCn3_ymBylH36CdVDTGJejl7A4ZjeQ%3BFXyVqgIdmt4EAClPjSERXsCqEjGrqTOOL456rw&amp;oq=bordeaux&amp;mra=ls&amp;t=m&amp;z=11\" target=\"_blank\">Bordeaux a Lower Hamlet<\/a><\/li><li><a title=\"Ste. Foy La Grande to Lower Hamlet\" rel=\"noopener noreferrer\" href=\"https:\/\/maps.google.com\/maps?saddr=Sainte-Foy-la-Grande,+France&amp;daddr=meyrac+loubes-bernac,+france&amp;hl=en&amp;sll=44.758436,-0.12291&amp;sspn=0.545593,0.931091&amp;geocode=FU07rAId3kcDACljBM0o7rmqEjGouJQIhLj2YA%3BFXyVqgIdmt4EAClPjSERXsCqEjGrqTOOL456rw&amp;oq=ste+foy&amp;mra=ls&amp;t=m&amp;z=13\" target=\"_blank\">Ste. Foy La Grande a Lower Hamlet<\/a><\/li><\/ul>\n\n\n\n<h4 class=\"wp-block-heading\">New Hamlet<\/h4>\n\n\n\n<ul class=\"wp-block-list\"><li><a title=\"Paris to New Hamlet\" rel=\"noopener noreferrer\" href=\"https:\/\/maps.google.com\/maps?saddr=Paris,+France&amp;daddr=13+Martineau,+Dieulivol,+France&amp;hl=en&amp;ll=46.762443,1.252441&amp;spn=8.421868,14.897461&amp;sll=44.788132,0.272233&amp;sspn=0.136329,0.232773&amp;geocode=FSZ-6QIdXuQjACkPt-IGH27mRzFglIxow4ILBA%3BFTqvqQIdqt4BAClDFi3YRJiqEjFh3YKP6HPSSw&amp;oq=13+martineau&amp;mra=ls&amp;t=m&amp;z=7\" target=\"_blank\">Paris a New Hamlet<\/a><\/li><li><a title=\"Bordeaux to New Hamlet\" rel=\"noopener noreferrer\" href=\"https:\/\/maps.google.com\/maps?saddr=Bordeaux,+France&amp;daddr=13+Martineau,+Dieulivol,+France&amp;hl=en&amp;sll=46.762443,1.252441&amp;sspn=8.421868,14.897461&amp;geocode=FZ0rrAIdlCn3_ymBylH36CdVDTGJejl7A4ZjeQ%3BFTqvqQIdqt4BAClDFi3YRJiqEjFh3YKP6HPSSw&amp;oq=bordea&amp;mra=ls&amp;t=m&amp;z=11\" target=\"_blank\">Bordeaux a New Hamlet<\/a><\/li><li><a title=\"Ste. Foy La Grande to New Hamlet\" rel=\"noopener noreferrer\" href=\"https:\/\/maps.google.com\/maps?saddr=Sainte-Foy-la-Grande,+France&amp;daddr=13+Martineau,+Dieulivol,+France&amp;hl=en&amp;sll=44.672792,-0.228487&amp;sspn=0.546404,0.931091&amp;geocode=FU07rAId3kcDACljBM0o7rmqEjGouJQIhLj2YA%3BFTqvqQIdqt4BAClDFi3YRJiqEjFh3YKP6HPSSw&amp;oq=ste+foy&amp;mra=ls&amp;t=m&amp;z=12\" target=\"_blank\">Ste. Foy La Grande a New Hamlet<\/a><\/li><\/ul>\n\n\n\n<h3 class=\"wp-block-heading\" id=\"flying\">Avi\u00f3n <\/h3>\n\n\n\n<p>Burdeos tiene un aeropuerto internacional: Bordeaux-Merignac (BDX).<\/p>\n\n\n\n<p>Hay un <a rel=\"noopener noreferrer\" href=\"http:\/\/www.bordeaux.aeroport.fr\/en\/info\/bordeaux-airport-shuttle-service\" target=\"_blank\">servicio de transporte desde Bordeaux-M\u00e9rignac<\/a> hasta la estaci\u00f3n de tren de Bordeaux St-Jean, que tarda unos 45 minutes. Desde all\u00ed puedes continuar su viaje en <a href=\"#train\">tren<\/a>.<\/p>\n\n\n\n<div class=\"jump-to alignwide\" id=\"contribucion-y-reembolsos\">\n\t<hr>\n\t<span class=\"jump-to-text\"><span class=\"label\">Ir a <span class=\"icon icon-arrow-tiny\"><\/span><\/span>\n\t<a  href=\"#llegada-y-salida\">Llegada y salida<\/a>, <a  href=\"#transporte\">Transporte<\/a>, <a class=\"active\" href=\"#contribucion-y-reembolsos\">Contribuci\u00f3n y reembolsos<\/a>, <a  href=\"#que-traer\">Qu\u00e9 traer <\/a>, <a  href=\"#como-vestir\">C\u00f3mo vestir <\/a>, <a  href=\"#comidas\">Comidas<\/a>, <a  href=\"#internet-y-telefono\">Internet y tel\u00e9fono<\/a>, <a  href=\"#duracion-de-la-estancia\">Duraci\u00f3n de la estancia<\/a>, <a  href=\"#dia-de-pereza\">D\u00eda de Pereza<\/a>, <a  href=\"#ensenanzas-y-entrevistas\">Ense\u00f1anzas y entrevistas<\/a><\/span>\n<\/div>\n\n\n<h2 class=\"wp-block-heading\"><em>Contribuci\u00f3n y reembolsos<\/em><\/h2>\n\n\n\n<p>El monasterio de Plum Village es una organizaci\u00f3n ben\u00e9fica sin \u00e1nimo de lucro mantenido en su totalidad por Dana. \u201cDana\u201d es una palabra pali y s\u00e1nscrita que significa \u201cdonaci\u00f3n\u201d u \u201cofrenda\u201d.<\/p>\n\n\n\n<p>Los importes que figuran en el formulario de inscripci\u00f3n (que oscilan entre 300 y 550 euros) son contribuciones de Dana por persona y semana de retiro. Te pedimos que contribuyas con la cantidad total en cuanto recibas nuestro correo electr\u00f3nico de contribuci\u00f3n.<\/p>\n\n\n\n<p>Podemos ofrecer una reducci\u00f3n del 50 % para estudiantes menores de 25 a\u00f1os y del 25 % para estudiantes de 26 a 28 a\u00f1os, previa presentaci\u00f3n de una tarjeta de estudiante v\u00e1lida (esto solo se aplica a un dormitorio con ba\u00f1o compartido o camping).<\/p>\n\n\n\n<p>Aceptamos con gratitud donaciones adicionales para apoyar nuestros monasterios y proyectos de servicio en todo el mundo. Es gracias a tu participaci\u00f3n y apoyo que la comunidad mon\u00e1stica puede prosperar y compartir el camino de la pr\u00e1ctica de la atenci\u00f3n plena, tanto en Plum Village como m\u00e1s all\u00e1.<\/p>\n\n\n\n<h4 class=\"wp-block-heading\"><strong>Puedes contribuir de las siguientes maneras:<\/strong><\/h4>\n\n\n\n<ul class=\"wp-block-list\"><li>A trav\u00e9s de <strong>Stripe<\/strong>, un servicio de pago en l\u00ednea de confianza con sede en Irlanda. Esto incluye Sepa: domiciliaci\u00f3n bancaria, tarjeta de cr\u00e9dito, iDEAL, SOFORT y Bancontact.<\/li><li>Cheque en euros de un banco franc\u00e9s. Por favor, haz los cheques a nombre de Communaute Bouddhique Zen Village des Pruniers (o CBZVP).<\/li><\/ul>\n\n\n\n<p>(No podemos aceptar cheques de fuera de Francia, ni en otras monedas que no sean euros)<\/p>\n\n\n\n<h4 class=\"wp-block-heading\"><strong>Cancelaci\u00f3n y reembolso:<\/strong><\/h4>\n\n\n\n<p>Si no puedes asistir al retiro, por favor cancela tu reserva lo antes posible para que esa plaza se pueda ofrecer a otras personas.<\/p>\n\n\n\n<p>Si nos avisas:<\/p>\n\n\n\n<ul class=\"wp-block-list\"><li><strong>M\u00e1s de 3 semanas antes<\/strong> de la fecha de llegada, se te reembolsar\u00e1 tu contribuci\u00f3n, menos 50\u20ac de cargo por gastos de cancelaci\u00f3n.<\/li><li><strong>Menos de 3 semanas antes<\/strong> de la fecha de llegada, se devolver\u00e1 el 50 por ciento de la contribuci\u00f3n.<\/li><li>En o despu\u00e9s de la fecha de llegada, no habr\u00e1 reembolso.<\/li><\/ul>\n\n\n\n<p>Si no recibimos tu contribuci\u00f3n dentro de los 28 d\u00edas posteriores a la realizaci\u00f3n de la reserva, la reserva se cancelar\u00e1 autom\u00e1ticamente.<\/p>\n\n\n\n<p><strong>Pol\u00edtica de Cancelaci\u00f3n de Retiros Presenciales por Motivos Relacionados con el Covid-19<\/strong><\/p>\n\n\n\n<p>Si consideras necesario cancelar tu reserva, antes o durante el primer d\u00eda del retiro, debido a razones relacionadas con Covid-19 o restricciones de viaje, se te reembolsar\u00e1 toda tu contribuci\u00f3n, menos el cargo de cancelaci\u00f3n de 50 euros. Ten en cuenta que esto no incluye ning\u00fan coste de viaje ni ning\u00fan otro gasto en el que puedas haber incurrido. Si despu\u00e9s de llegar a Plum Village tienes Covid-19 y necesitas aislarte, tu reserva cubrir\u00e1 tu comida y alojamiento. En todas las dem\u00e1s circunstancias, se aplican nuestros <a rel=\"noreferrer noopener\" href=\"https:\/\/dev.plumvillage.org\/es\/terms-and-conditions\/\" data-type=\"URL\" data-id=\"https:\/\/dev.plumvillage.org\/es\/terms-and-conditions\/\" target=\"_blank\">t\u00e9rminos y condiciones de cancelaci\u00f3n est\u00e1ndar<\/a>.<\/p>\n\n\n\n<p><strong>Cancelaci\u00f3n de Retiros por Plum Village<\/strong><br><\/p>\n\n\n\n<p>Plum Village se reserva el derecho de cancelar un retiro bajo cualquier circunstancia. En este caso, se te ofrecer\u00e1 un reembolso completo por cualquier pago que ya nos hayas hecho. Plum Village no acepta m\u00e1s responsabilidad por cancelaciones de retiros m\u00e1s all\u00e1 del reembolso de la tarifa de registro del retiro. Por ejemplo, no podemos responsabilizarnos de los fondos gastados en arreglos de viaje anticipados, como billetes de avi\u00f3n y visas.<\/p>\n\n\n\n<p>Gracias por tu comprensi\u00f3n y apoyo.<\/p>\n\n\n\n<p><\/p>\n\n\n\n<div class=\"jump-to alignwide\" id=\"que-traer\">\n\t<hr>\n\t<span class=\"jump-to-text\"><span class=\"label\">Ir a <span class=\"icon icon-arrow-tiny\"><\/span><\/span>\n\t<a  href=\"#llegada-y-salida\">Llegada y salida<\/a>, <a  href=\"#transporte\">Transporte<\/a>, <a  href=\"#contribucion-y-reembolsos\">Contribuci\u00f3n y reembolsos<\/a>, <a class=\"active\" href=\"#que-traer\">Qu\u00e9 traer <\/a>, <a  href=\"#como-vestir\">C\u00f3mo vestir <\/a>, <a  href=\"#comidas\">Comidas<\/a>, <a  href=\"#internet-y-telefono\">Internet y tel\u00e9fono<\/a>, <a  href=\"#duracion-de-la-estancia\">Duraci\u00f3n de la estancia<\/a>, <a  href=\"#dia-de-pereza\">D\u00eda de Pereza<\/a>, <a  href=\"#ensenanzas-y-entrevistas\">Ense\u00f1anzas y entrevistas<\/a><\/span>\n<\/div>\n\n\n<h2 class=\"wp-block-heading\">Qu\u00e9 traer<\/h2>\n\n\n\n<figure class=\"wp-block-image alignright\"><img loading=\"lazy\" decoding=\"async\" width=\"1024\" height=\"576\" src=\"https:\/\/dev.plumvillage.org\/wp-content\/uploads\/2019\/08\/DSC09301-1024x576.jpg\" alt=\"\" class=\"wp-image-139429\" srcset=\"https:\/\/dev.plumvillage.org\/wp-content\/uploads\/2019\/08\/DSC09301-1024x576.jpg 1024w, https:\/\/dev.plumvillage.org\/wp-content\/uploads\/2019\/08\/DSC09301-499x281.jpg 499w, https:\/\/dev.plumvillage.org\/wp-content\/uploads\/2019\/08\/DSC09301-768x432.jpg 768w, https:\/\/dev.plumvillage.org\/wp-content\/uploads\/2019\/08\/DSC09301.jpg 1920w\" sizes=\"auto, (max-width: 1024px) 100vw, 1024px\" \/><\/figure>\n\n\n\n<ul class=\"wp-block-list\"><li>M\u00e1scara para cubrir la cara en caso de que sea necesario<\/li><li>Toalla y art\u00edculos de tocador personales<\/li><li>Tapones para los o\u00eddos y antifaz, si tienes el sue\u00f1o ligeroLinterna<\/li><li>Despertador<\/li><li>Botella de agua\/termo\/taza de viaje<\/li><li>Zapatos a prueba de agua que sean f\u00e1ciles de poner y quitar<\/li><li>Zapatillas<\/li><li>Paraguas o chubasquero<\/li><li>Una copia (digital o en papel) de tu factura y documentos de viaje<\/li><li>Auriculares y cable de extensi\u00f3n (3-5 m) para escuchar ense\u00f1anzas impartidas en varios idiomas<\/li><\/ul>\n\n\n\n<h3 class=\"wp-block-heading\">Para Grandes Retiros <\/h3>\n\n\n\n<p class=\"has-small-font-size\">Verano; Franc\u00f3fono; 21 D\u00edas; Wake Up; Salud y Bienestar; Negocios; Navidad; A\u00f1o Nuevo <\/p>\n\n\n\n<ul class=\"wp-block-list\"><li>Auriculares y cable de extensi\u00f3n (3-5 m) para escuchar ense\u00f1anzas impartidas en varios idiomas<\/li><li>Fiambrera\/Taper para guardar el almuerzo de picnic<\/li><\/ul>\n\n\n\n<h3 class=\"wp-block-heading\">Para Verano <\/h3>\n\n\n\n<ul class=\"wp-block-list\"><li>En New Hamlet y Lower Hamlet, para todos los tipos de alojamiento, trae tu propio saco de dormir o ropa de cama (te proporcionaremos almohadas). El alquiler est\u00e1 disponible si es necesario. Esto nos ayuda a reducir la cantidad de agua necesaria para el lavado frecuente.<\/li><li>En Upper Hamlet la ropa de cama est\u00e1 disponible en las habitaciones.<\/li><li>Sombrero de ala ancha para protegerte de los rayos nocivos, ya que tendremos actividades al aire libre<\/li><li>Protector solar de alto factor de protecci\u00f3n<\/li><\/ul>\n\n\n\n<h3 class=\"wp-block-heading\">Autocaravanas y caravanas<\/h3>\n\n\n\n<ul class=\"wp-block-list\"><li>Todo el equipo de campamento y saco de dormir.No hay conexiones de agua, electricidad o s\u00e9pticas para las caravanas. <\/li><li>En Upper Hamlet hay conexiones el\u00e9ctricas limitadas disponibles.<\/li><\/ul>\n\n\n\n<h3 class=\"wp-block-heading\">Recomendado <\/h3>\n\n\n\n<ul class=\"wp-block-list\"><li>Repelente de insectos (mosquitos y garrapatas, niguas) en verano y oto\u00f1o<\/li><li>Le recomendamos que durante su estancia se revise en busca de garrapatas, especialmente si ha estado al aire libre en las zonas boscosas y de hierba. Si lo desea, puede traer su propio quitagarrapas.<\/li><li>Jab\u00f3n para lavar: el lavado de ropa se realiza principalmente a mano<\/li><\/ul>\n\n\n\n<h3 class=\"wp-block-heading\">Ten en cuenta:<\/h3>\n\n\n\n<ul class=\"wp-block-list\"><li>Por favor, deja tus mascotas en casa. Aunque amamos a los animales, no hay manera de alojar mascotas en Plum Village.<\/li><li>Cada Hamlet tiene una peque\u00f1a tienda con la mayor\u00eda de las cosas que puedas necesitar (bebidas, cuadernos, refrigerios, art\u00edculos de tocador, postales y sellos, etc.)<\/li><\/ul>\n\n\n\n<div class=\"jump-to alignwide\" id=\"como-vestir\">\n\t<hr>\n\t<span class=\"jump-to-text\"><span class=\"label\">Ir a <span class=\"icon icon-arrow-tiny\"><\/span><\/span>\n\t<a  href=\"#llegada-y-salida\">Llegada y salida<\/a>, <a  href=\"#transporte\">Transporte<\/a>, <a  href=\"#contribucion-y-reembolsos\">Contribuci\u00f3n y reembolsos<\/a>, <a  href=\"#que-traer\">Qu\u00e9 traer <\/a>, <a class=\"active\" href=\"#como-vestir\">C\u00f3mo vestir <\/a>, <a  href=\"#comidas\">Comidas<\/a>, <a  href=\"#internet-y-telefono\">Internet y tel\u00e9fono<\/a>, <a  href=\"#duracion-de-la-estancia\">Duraci\u00f3n de la estancia<\/a>, <a  href=\"#dia-de-pereza\">D\u00eda de Pereza<\/a>, <a  href=\"#ensenanzas-y-entrevistas\">Ense\u00f1anzas y entrevistas<\/a><\/span>\n<\/div>\n\n\n<h2 class=\"wp-block-heading\"><em>Qu\u00e9 ponerse<\/em><\/h2>\n\n\n\n<figure class=\"wp-block-image alignright\"><img loading=\"lazy\" decoding=\"async\" width=\"1024\" height=\"577\" src=\"https:\/\/dev.plumvillage.org\/wp-content\/uploads\/2019\/08\/DSC08648-1024x577.jpg\" alt=\"\" class=\"wp-image-139430\" srcset=\"https:\/\/dev.plumvillage.org\/wp-content\/uploads\/2019\/08\/DSC08648-1024x577.jpg 1024w, https:\/\/dev.plumvillage.org\/wp-content\/uploads\/2019\/08\/DSC08648-499x281.jpg 499w, https:\/\/dev.plumvillage.org\/wp-content\/uploads\/2019\/08\/DSC08648-768x433.jpg 768w, https:\/\/dev.plumvillage.org\/wp-content\/uploads\/2019\/08\/DSC08648.jpg 1920w\" sizes=\"auto, (max-width: 1024px) 100vw, 1024px\" \/><\/figure>\n\n\n\n<p>Plum Village es un monasterio y centro de pr\u00e1ctica de plena consciencia, hogar de muchas culturas tanto de Oriente como de Occidente. Para respetar y apoyar nuestra energ\u00eda colectiva de pr\u00e1ctica, os pedimos a todos que us\u00e9is <strong>ropa modesta y holgada<\/strong> en todo momento.<\/p>\n\n\n\n<p>Usa solo ropa que cubra completamente los hombros, el pecho, la espalda, los brazos (hasta el codo) y las piernas m\u00e1s all\u00e1 de las rodillas. Las mujeres pod\u00e9is encontrar \u00fatil un chal ligero en verano. No uses pantalones cortos, pantalones ajustados, camisetas sin mangas, vestidos cortos, etc. Si tu ropa es demasiado reveladora, es posible que no puedas entrar a las salas de meditaci\u00f3n. Estos son espacios sagrados.<\/p>\n\n\n\n<p>La ropa sencilla e informal, que sea f\u00e1cil de lavar, es lo mejor.<\/p>\n\n\n\n<p>Es posible que desees llevar algo m\u00e1s arreglado para ponerte en almuerzos formales, meditaciones de t\u00e9 u otros festivales.<\/p>\n\n\n\n<p><strong>Ten en cuenta<\/strong>: si vienes en invierno, te recomendamos que traigas mucha ropa en capas, para el clima h\u00famedo, ventoso y fr\u00edo, as\u00ed como para nuestro alojamiento modesto y con corrientes de aire.<\/p>\n\n\n\n<div class=\"jump-to alignwide\" id=\"comidas\">\n\t<hr>\n\t<span class=\"jump-to-text\"><span class=\"label\">Ir a <span class=\"icon icon-arrow-tiny\"><\/span><\/span>\n\t<a  href=\"#llegada-y-salida\">Llegada y salida<\/a>, <a  href=\"#transporte\">Transporte<\/a>, <a  href=\"#contribucion-y-reembolsos\">Contribuci\u00f3n y reembolsos<\/a>, <a  href=\"#que-traer\">Qu\u00e9 traer <\/a>, <a  href=\"#como-vestir\">C\u00f3mo vestir <\/a>, <a class=\"active\" href=\"#comidas\">Comidas<\/a>, <a  href=\"#internet-y-telefono\">Internet y tel\u00e9fono<\/a>, <a  href=\"#duracion-de-la-estancia\">Duraci\u00f3n de la estancia<\/a>, <a  href=\"#dia-de-pereza\">D\u00eda de Pereza<\/a>, <a  href=\"#ensenanzas-y-entrevistas\">Ense\u00f1anzas y entrevistas<\/a><\/span>\n<\/div>\n\n\n<h2 class=\"wp-block-heading\">Comidas<\/h2>\n\n\n\n<p>Todas las comidas de Plum Village son preparadas por los monjes y monjas con mucho amor y trabajo atento.<\/p>\n\n\n\n<p>Utilizamos verduras frescas, de origen lo m\u00e1s local posible. En primavera y verano a menudo disfrutamos de los productos de la \u00abHappy Farm\u00bb org\u00e1nica de Plum Village.<\/p>\n\n\n\n<figure class=\"wp-block-image alignright\"><img loading=\"lazy\" decoding=\"async\" width=\"1024\" height=\"683\" src=\"https:\/\/dev.plumvillage.org\/wp-content\/uploads\/2019\/08\/DSC06662-1024x683.jpg\" alt=\"\" class=\"wp-image-139425\" srcset=\"https:\/\/dev.plumvillage.org\/wp-content\/uploads\/2019\/08\/DSC06662-1024x683.jpg 1024w, https:\/\/dev.plumvillage.org\/wp-content\/uploads\/2019\/08\/DSC06662-499x333.jpg 499w, https:\/\/dev.plumvillage.org\/wp-content\/uploads\/2019\/08\/DSC06662-768x512.jpg 768w, https:\/\/dev.plumvillage.org\/wp-content\/uploads\/2019\/08\/DSC06662.jpg 1920w\" sizes=\"auto, (max-width: 1024px) 100vw, 1024px\" \/><\/figure>\n\n\n\n<p>Todas las comidas de Plum Village son veganas: vegetarianas sin l\u00e1cteos ni huevos, y nuestros alimentos b\u00e1sicos suelen ser arroz (integral y blanco), avena, pan. Somos veganos para <a rel=\"noreferrer noopener\" href=\"http:\/\/dev.plumvillage.org\/articles\/news\/new-contemplations-before-eating\/\" data-type=\"URL\" data-id=\"plumvillage.org\/articles\/news\/new-contemplations-before-eating\/\" target=\"_blank\">nutrir nuestra compasi\u00f3n y proteger nuestro planeta<\/a>.<\/p>\n\n\n\n<p>En Plum Village comemos juntos con atenci\u00f3n plena. Por lo general, comemos en silencio durante 15 a 20 minutos al comienzo del almuerzo y de la cena, y el desayuno suele ser completamente en silencio. Comer en silencio nos ayuda a apreciar profundamente la comida y tambi\u00e9n la presencia de quienes nos rodean. Puedes leer m\u00e1s sobre nuestra pr\u00e1ctica de alimentaci\u00f3n consciente <a rel=\"noreferrer noopener\" href=\"https:\/\/dev.plumvillage.org\/mindfulness-practice\/eating-together\/\" data-type=\"URL\" data-id=\"https:\/\/dev.plumvillage.org\/mindfulness-practice\/eating-together\/\" target=\"_blank\">aqu\u00ed<\/a>. <\/p>\n\n\n\n<p>Lamentamos no poder satisfacer los requisitos diet\u00e9ticos o m\u00e9dicos espec\u00edficos de cada individuo, ni proporcionar instalaciones de cocina o refrigeraci\u00f3n. Por favor, trae tus propios suplementos (o sustitutos para alergias) si lo ves necesario.<\/p>\n\n\n\n<div class=\"jump-to alignwide\" id=\"internet-y-telefono\">\n\t<hr>\n\t<span class=\"jump-to-text\"><span class=\"label\">Ir a <span class=\"icon icon-arrow-tiny\"><\/span><\/span>\n\t<a  href=\"#llegada-y-salida\">Llegada y salida<\/a>, <a  href=\"#transporte\">Transporte<\/a>, <a  href=\"#contribucion-y-reembolsos\">Contribuci\u00f3n y reembolsos<\/a>, <a  href=\"#que-traer\">Qu\u00e9 traer <\/a>, <a  href=\"#como-vestir\">C\u00f3mo vestir <\/a>, <a  href=\"#comidas\">Comidas<\/a>, <a class=\"active\" href=\"#internet-y-telefono\">Internet y tel\u00e9fono<\/a>, <a  href=\"#duracion-de-la-estancia\">Duraci\u00f3n de la estancia<\/a>, <a  href=\"#dia-de-pereza\">D\u00eda de Pereza<\/a>, <a  href=\"#ensenanzas-y-entrevistas\">Ense\u00f1anzas y entrevistas<\/a><\/span>\n<\/div>\n\n\n<h2 class=\"wp-block-heading\"><em>Internet y tel\u00e9fono<\/em><\/h2>\n\n\n\n<p>Durante el retiro, por favor dale tambi\u00e9n a tu m\u00f3vil y a internet un retiro. Accede a Internet solo en situaciones de urgencia.<\/p>\n\n\n\n<p>Recuerda poner una respuesta autom\u00e1tica en tu correo electr\u00f3nico, hacer todos los&nbsp; preparativos para su viaje y tener una copia de tus documentos de viaje antes de llegar.<\/p>\n\n\n\n<p>Recomendamos pedir a amigos y familiares que apoyen tu retiro limitando la comunicaci\u00f3n telef\u00f3nica (puedes programar un d\u00eda espec\u00edfico para revisar los mensajes o hacer una llamada).<\/p>\n\n\n\n<div class=\"jump-to alignwide\" id=\"duracion-de-la-estancia\">\n\t<hr>\n\t<span class=\"jump-to-text\"><span class=\"label\">Ir a <span class=\"icon icon-arrow-tiny\"><\/span><\/span>\n\t<a  href=\"#llegada-y-salida\">Llegada y salida<\/a>, <a  href=\"#transporte\">Transporte<\/a>, <a  href=\"#contribucion-y-reembolsos\">Contribuci\u00f3n y reembolsos<\/a>, <a  href=\"#que-traer\">Qu\u00e9 traer <\/a>, <a  href=\"#como-vestir\">C\u00f3mo vestir <\/a>, <a  href=\"#comidas\">Comidas<\/a>, <a  href=\"#internet-y-telefono\">Internet y tel\u00e9fono<\/a>, <a class=\"active\" href=\"#duracion-de-la-estancia\">Duraci\u00f3n de la estancia<\/a>, <a  href=\"#dia-de-pereza\">D\u00eda de Pereza<\/a>, <a  href=\"#ensenanzas-y-entrevistas\">Ense\u00f1anzas y entrevistas<\/a><\/span>\n<\/div>\n\n\n<h2 class=\"wp-block-heading\"><em>Duraci\u00f3n de la estancia<\/em><\/h2>\n\n\n\n<p>En general, todos nuestros hu\u00e9spedes pueden permanecer por lo menos una semana y un m\u00e1ximo de dos semanas. Esto es aplicable a todos nuestros retiros en general.<\/p>\n\n\n\n<p>Tambi\u00e9n es posible venir por un d\u00eda (es decir, no pasar la noche en Plum Village) para asistir a uno de nuestros D\u00edas de Plena Consciencia todos los jueves y domingos. Por favor lee el <a rel=\"noreferrer noopener\" href=\"https:\/\/dev.plumvillage.org\/es\/retreats\/days-of-mindfulness\/\" data-type=\"URL\" data-id=\"https:\/\/dev.plumvillage.org\/es\/retreats\/days-of-mindfulness\/\" target=\"_blank\">D\u00eda de la Plena Conciancia<\/a> para m\u00e1s detalles. <\/p>\n\n\n\n<p>Si deseas permanecer m\u00e1s de dos semanas, se te invita a escribir una carta de aspiraci\u00f3n que describa t<a><\/a>u motivaci\u00f3n, as\u00ed como el n\u00famero de semanas durante las cuales deseas extender su estancia. La comunidad tomar\u00e1 como base tu pr\u00e1ctica de las dos primeras semanas y tu carta de aspiraci\u00f3n para llegar a una decisi\u00f3n. <em>No se requiere una carta de aspiraci\u00f3n para el retiro de apertura de verano.<\/em><\/p>\n\n\n\n<p>Para m\u00e1s detalles sobre c\u00f3mo permanecer m\u00e1s tiempo en Plum Village, te invitamos a leer <a href=\"https:\/\/dev.plumvillage.org\/es\/community\/extended-stay\/\" data-type=\"URL\" data-id=\"https:\/\/dev.plumvillage.org\/es\/community\/extended-stay\/\" target=\"_blank\" rel=\"noreferrer noopener\">Estancia Prolongada<\/a>. Por favor, consulta tambi\u00e9n directamente con la Oficina de Registro de la aldea en la que deseas alojarte sobre la extensi\u00f3n de tu estancia, ya que depender\u00e1 de la \u00e9poca del a\u00f1o y la disponibilidad de espacio.<\/p>\n\n\n\n<div class=\"jump-to alignwide\" id=\"dia-de-pereza\">\n\t<hr>\n\t<span class=\"jump-to-text\"><span class=\"label\">Ir a <span class=\"icon icon-arrow-tiny\"><\/span><\/span>\n\t<a  href=\"#llegada-y-salida\">Llegada y salida<\/a>, <a  href=\"#transporte\">Transporte<\/a>, <a  href=\"#contribucion-y-reembolsos\">Contribuci\u00f3n y reembolsos<\/a>, <a  href=\"#que-traer\">Qu\u00e9 traer <\/a>, <a  href=\"#como-vestir\">C\u00f3mo vestir <\/a>, <a  href=\"#comidas\">Comidas<\/a>, <a  href=\"#internet-y-telefono\">Internet y tel\u00e9fono<\/a>, <a  href=\"#duracion-de-la-estancia\">Duraci\u00f3n de la estancia<\/a>, <a class=\"active\" href=\"#dia-de-pereza\">D\u00eda de Pereza<\/a>, <a  href=\"#ensenanzas-y-entrevistas\">Ense\u00f1anzas y entrevistas<\/a><\/span>\n<\/div>\n\n\n<h2 class=\"wp-block-heading\"><em>D\u00eda de Pereza<\/em><\/h2>\n\n\n\n<figure class=\"wp-block-image alignright\"><img loading=\"lazy\" decoding=\"async\" width=\"1024\" height=\"576\" src=\"https:\/\/dev.plumvillage.org\/wp-content\/uploads\/2019\/08\/DSC07658-1024x576.jpg\" alt=\"\" class=\"wp-image-139432\" srcset=\"https:\/\/dev.plumvillage.org\/wp-content\/uploads\/2019\/08\/DSC07658-1024x576.jpg 1024w, https:\/\/dev.plumvillage.org\/wp-content\/uploads\/2019\/08\/DSC07658-499x281.jpg 499w, https:\/\/dev.plumvillage.org\/wp-content\/uploads\/2019\/08\/DSC07658-768x432.jpg 768w, https:\/\/dev.plumvillage.org\/wp-content\/uploads\/2019\/08\/DSC07658.jpg 1920w\" sizes=\"auto, (max-width: 1024px) 100vw, 1024px\" \/><\/figure>\n\n\n\n<p>Un d\u00eda a la semana en Plum Village es D\u00eda de Pereza y no hay actividades programadas.<\/p>\n\n\n\n<p>El D\u00eda de Pereza es una pr\u00e1ctica profunda.&nbsp; Es una oportunidad para dejar que el d\u00eda se desarrolle de forma natural mientras se mantiene la atenci\u00f3n plena. Es un d\u00eda para practicar el ser m\u00e1s que el hacer. Es un d\u00eda para nutrirnos de silencio, naturaleza, descanso, diario, lectura, ejercicio o quiz\u00e1s m\u00fasica. El D\u00eda de Pereza nos ofrece el tiempo, la paz y el espacio que podemos necesitar para escribir una carta a un ser querido, o tal vez una carta de reconciliaci\u00f3n.<\/p>\n\n\n\n<p>En el D\u00eda de Pereza puede que nos apetezca dar un paseo por el campo de los alrededores, practicar la relajaci\u00f3n o la meditaci\u00f3n caminando lentamente alrededor de la aldea. Nuestras salas de meditaci\u00f3n siempre est\u00e1n abiertas para aquellos que disfrutan de la meditaci\u00f3n sentada o la relajaci\u00f3n total.<\/p>\n\n\n\n<p>Os pedimos a todos que permanezc\u00e1is dentro del monasterio el d\u00eda de descanso para poder beneficiaros plenamente de este d\u00eda especial.<\/p>\n\n\n\n<div class=\"jump-to alignwide\" id=\"ensenanzas-y-entrevistas\">\n\t<hr>\n\t<span class=\"jump-to-text\"><span class=\"label\">Ir a <span class=\"icon icon-arrow-tiny\"><\/span><\/span>\n\t<a  href=\"#llegada-y-salida\">Llegada y salida<\/a>, <a  href=\"#transporte\">Transporte<\/a>, <a  href=\"#contribucion-y-reembolsos\">Contribuci\u00f3n y reembolsos<\/a>, <a  href=\"#que-traer\">Qu\u00e9 traer <\/a>, <a  href=\"#como-vestir\">C\u00f3mo vestir <\/a>, <a  href=\"#comidas\">Comidas<\/a>, <a  href=\"#internet-y-telefono\">Internet y tel\u00e9fono<\/a>, <a  href=\"#duracion-de-la-estancia\">Duraci\u00f3n de la estancia<\/a>, <a  href=\"#dia-de-pereza\">D\u00eda de Pereza<\/a>, <a class=\"active\" href=\"#ensenanzas-y-entrevistas\">Ense\u00f1anzas y entrevistas<\/a><\/span>\n<\/div>\n\n\n<h2 class=\"wp-block-heading\"><em>Ense\u00f1anzas y entrevistas<\/em><\/h2>\n\n\n\n<h3 class=\"wp-block-heading\"><em>Ense\u00f1anzas<\/em>:<\/h3>\n\n\n\n<p>Las charlas del Dharma se dan en franc\u00e9s, ingl\u00e9s o vietnamita con traducci\u00f3n simult\u00e1nea a los otros dos idiomas. La traducci\u00f3n a otros idiomas (por ejemplo, alem\u00e1n, holand\u00e9s, espa\u00f1ol o italiano) est\u00e1 disponible seg\u00fan la necesidad.<\/p>\n\n\n\n<h3 class=\"wp-block-heading\">Entrevistas:<\/h3>\n\n\n\n<p>Es posible hacer una pregunta en persona directamente a los maestros de Dharma experimentados durante las sesiones de \u00abPreguntas y Respuestas\u00bb que tienen lugar una vez a la semana durante los grandes retiros. Los maestros de Dharma y los monjes y monjas experimentados est\u00e1n disponibles para ofrecer sesiones de consulta privada a quienes lo necesiten durante todo el a\u00f1o. Por favor, pregunta en la hamlet donde te hospedar\u00e1s.<\/p>\n","protected":false},"excerpt":{"rendered":"<p>Llegada y salida Nuestro d\u00eda de llegada y de salida suele ser el viernes, salvo retiros especiales en los que se indique lo contrario. Por favor, organiza tu viaje para que puedas llegar a Plum Village el d\u00eda de llegada. Hora de llegadaPrepara tu viaje de tal manera que puedas llegar a tu \u00abhamlet\u00bb a<\/p>\n","protected":false},"author":1136,"featured_media":0,"parent":156183,"menu_order":0,"comment_status":"closed","ping_status":"closed","template":"","meta":{"_acf_changed":false,"sync_status":"","episode_type":"","audio_file":"","podmotor_file_id":"","podmotor_episode_id":"","castos_file_data":"","cover_image":"","cover_image_id":"","duration":"","filesize":"","filesize_raw":"","date_recorded":"","explicit":"","block":"","itunes_episode_number":"","itunes_title":"","itunes_season_number":"","itunes_episode_type":"","ep_exclude_from_search":false,"footnotes":""},"class_list":["post-156186","page","type-page","status-publish","hentry"],"acf":[],"_links":{"self":[{"href":"https:\/\/dev.plumvillage.org\/es\/wp-json\/wp\/v2\/pages\/156186","targetHints":{"allow":["GET"]}}],"collection":[{"href":"https:\/\/dev.plumvillage.org\/es\/wp-json\/wp\/v2\/pages"}],"about":[{"href":"https:\/\/dev.plumvillage.org\/es\/wp-json\/wp\/v2\/types\/page"}],"author":[{"embeddable":true,"href":"https:\/\/dev.plumvillage.org\/es\/wp-json\/wp\/v2\/users\/1136"}],"replies":[{"embeddable":true,"href":"https:\/\/dev.plumvillage.org\/es\/wp-json\/wp\/v2\/comments?post=156186"}],"version-history":[{"count":0,"href":"https:\/\/dev.plumvillage.org\/es\/wp-json\/wp\/v2\/pages\/156186\/revisions"}],"up":[{"embeddable":true,"href":"https:\/\/dev.plumvillage.org\/es\/wp-json\/wp\/v2\/pages\/156183"}],"wp:attachment":[{"href":"https:\/\/dev.plumvillage.org\/es\/wp-json\/wp\/v2\/media?parent=156186"}],"curies":[{"name":"wp","href":"https:\/\/api.w.org\/{rel}","templated":true}]}}