{"id":463411,"date":"2024-07-23T11:48:28","date_gmt":"2024-07-23T09:48:28","guid":{"rendered":"https:\/\/plumvillage.org\/?post_type=pv_event&#038;p=463411"},"modified":"2024-07-23T11:53:01","modified_gmt":"2024-07-23T09:53:01","slug":"retraites-2025-au-village-des-pruniers","status":"publish","type":"pv_event","link":"https:\/\/dev.plumvillage.org\/fr\/event\/retreat\/retraites-2025-au-village-des-pruniers","title":{"rendered":"Retraites 2025 au Village des Pruniers"},"content":{"rendered":"\n<pre class=\"wp-block-verse\">Chers ami(e)s,<br><br>Voici le programme principal des retraites qui auront lieu au Village des Pruniers en 2025. Nous continuerons \u00e0 partager plus d'informations ainsi que les d\u00e9tails d'inscription dans les mois \u00e0 venir. Nous nous effor\u00e7ons d'ouvrir les inscriptions des retraites \u00e0 venir environ 3 mois avant le jour d'arriv\u00e9e.<br><br>Il est \u00e9galement possible d'\u00eatre volontaire lors de certaines retraites. Ces retraites sont marqu\u00e9es d'un  <span class=\"footnote\">\"Ouvert aux volontaires\"<\/span><br><br>Merci d'\u00eatre l\u00e0 et de pratiquer avec nous.<\/pre>\n\n\n\n<div class=\"jump-to align\" id=\"calendrier-des-retraites\">\n\t<hr>\n\t<span class=\"jump-to-text\"><span class=\"label\">Allez vers <span class=\"icon icon-arrow-tiny\"><\/span><\/span>\n\t<a class=\"active\" href=\"#calendrier-des-retraites\">Calendrier des retraites<\/a>, <a  href=\"#etre-volontaire\">\u00catre volontaire<\/a><\/span>\n<\/div>\n\n\n<h2 class=\"wp-block-heading\"><\/h2>\n\n\n\n<ul class=\"wp-block-list\">\n<li><\/li>\n\n\n\n<li><strong>7 f\u00e9vrier &#8211; 18 avril 2025: <\/strong>Retraites de Printemps<\/li>\n\n\n\n<li><strong>21 mars &#8211;  28 mars: <\/strong>C\u00e9r\u00e9monies des Pr\u00e9ceptes et de la Transmission de la Lampe<\/li>\n\n\n\n<li><strong>19 avril &#8211; 26 avril:<\/strong> Retraite Francophone<\/li>\n\n\n\n<li><strong>9 mai &#8211; 27 juin: <\/strong>Retraites de Printemps (r\u00e9ouverture)<\/li>\n\n\n\n<li><strong>10 juillet &#8211; 2 ao\u00fbt<\/strong> : Retraites d&rsquo;\u00e9t\u00e9 pour les familles avec enfants et adolescent(e)s<span class=\"footnote\">\u201cOuvert aux volontaires\u201d<\/span><\/li>\n\n\n\n<li><strong>9 ao\u00fbt &#8211; 16 ao\u00fbt<\/strong> : Retraite Wake Up<span class=\"footnote\">\u201cOuvert aux volontaires\u201d<\/span><\/li>\n\n\n\n<li><strong>5 septembre &#8211; 17<\/strong> <strong>octobre<\/strong> : Retraites d&rsquo;Automne<\/li>\n\n\n\n<li><strong>23 octobre &#8211; 20 janvier<\/strong> : Retraite des pluies 2025 &#8211; 2026<\/li>\n\n\n\n<li><strong>19 d\u00e9cembre &#8211; 26 d\u00e9cembre<\/strong> : Retraite de No\u00ebl<\/li>\n\n\n\n<li><strong>26 d\u00e9cembre &#8211; 2 janvier<\/strong> <strong>2026<\/strong>: Retraite du Nouvel An<\/li>\n<\/ul>\n\n\n\n<div class=\"jump-to align\" id=\"etre-volontaire\">\n\t<hr>\n\t<span class=\"jump-to-text\"><span class=\"label\">Allez vers <span class=\"icon icon-arrow-tiny\"><\/span><\/span>\n\t<a  href=\"#calendrier-des-retraites\">Calendrier des retraites<\/a>, <a class=\"active\" href=\"#etre-volontaire\">\u00catre volontaire<\/a><\/span>\n<\/div>\n\n\n<h2 class=\"wp-block-heading\">\u00catre volontaire<\/h2>\n\n\n\n<ul class=\"wp-block-list\">\n<li><strong>4 juillet &#8211; 5 ao\u00fbt<\/strong> : Retraites d&rsquo;\u00e9t\u00e9 pour les familles avec enfants et adolescent(e)s<\/li>\n\n\n\n<li><strong>6 ao\u00fbt &#8211; 19 ao\u00fbt<\/strong> : Retraite Wake Up<\/li>\n<\/ul>\n\n\n\n<p><em>Il est n\u00e9cessaire pour les volontaires d&rsquo;\u00eatre capable de parler suffisamment bien l&rsquo;anglais pour pouvoir communiquer avec les autres (c&rsquo;est pourquoi la plupart des liens ci-dessous redirigent vers des pages en anglais.)<\/em><\/p>\n","protected":false},"excerpt":{"rendered":"<p>Voici le programme principal des retraites qui auront lieu au Village des Pruniers en 2025.<\/p>\n","protected":false},"author":2665,"featured_media":462450,"parent":0,"menu_order":0,"template":"","class_list":["post-463411","pv_event","type-pv_event","status-publish","has-post-thumbnail","hentry"],"acf":[],"pv_custom_fields":{"locations":["Le Village des Pruniers"],"status":"EventScheduled","custom_status":"","start_date":1738886400,"end_date":1768867200,"registration_open":false,"external_link":"","featured_image":false,"is_translated":462320,"post_language":"fr","hidden":false,"event_type":"Unknown type"},"_links":{"self":[{"href":"https:\/\/dev.plumvillage.org\/fr\/wp-json\/wp\/v2\/pv_event\/463411","targetHints":{"allow":["GET"]}}],"collection":[{"href":"https:\/\/dev.plumvillage.org\/fr\/wp-json\/wp\/v2\/pv_event"}],"about":[{"href":"https:\/\/dev.plumvillage.org\/fr\/wp-json\/wp\/v2\/types\/pv_event"}],"author":[{"embeddable":true,"href":"https:\/\/dev.plumvillage.org\/fr\/wp-json\/wp\/v2\/users\/2665"}],"version-history":[{"count":4,"href":"https:\/\/dev.plumvillage.org\/fr\/wp-json\/wp\/v2\/pv_event\/463411\/revisions"}],"predecessor-version":[{"id":463420,"href":"https:\/\/dev.plumvillage.org\/fr\/wp-json\/wp\/v2\/pv_event\/463411\/revisions\/463420"}],"wp:featuredmedia":[{"embeddable":true,"href":"https:\/\/dev.plumvillage.org\/fr\/wp-json\/wp\/v2\/media\/462450"}],"wp:attachment":[{"href":"https:\/\/dev.plumvillage.org\/fr\/wp-json\/wp\/v2\/media?parent=463411"}],"curies":[{"name":"wp","href":"https:\/\/api.w.org\/{rel}","templated":true}]}}